{"id":94,"date":"2022-11-08T18:47:13","date_gmt":"2022-11-08T17:47:13","guid":{"rendered":"http:\/\/www.parafia.michalbaranski.pl\/?page_id=94"},"modified":"2022-11-10T08:37:34","modified_gmt":"2022-11-10T07:37:34","slug":"msze-swiete-i-nabozenstwa","status":"publish","type":"page","link":"https:\/\/www.parafiapelczyce.pl\/index.php\/sakramenty\/msze-swiete-i-nabozenstwa\/","title":{"rendered":"Msze \u015bwi\u0119te i nabo\u017ce\u0144stwa"},"content":{"rendered":"<div id=\"block-32213d3a-13a3-4522-adf0-6bfe6f1089de\" class=\"block-editor-block-list__block wp-block is-multi-selected is-partially-selected\" tabindex=\"0\" role=\"document\" aria-label=\"Blok: Classic Paragraph\" data-block=\"32213d3a-13a3-4522-adf0-6bfe6f1089de\" data-type=\"tadv\/classic-paragraph\" data-title=\"Classic Paragraph\">\n<div id=\"block-32213d3a-13a3-4522-adf0-6bfe6f1089de\" class=\"block-editor-block-list__block wp-block is-multi-selected is-partially-selected\" tabindex=\"0\" role=\"document\" aria-label=\"Blok: Classic Paragraph\" data-block=\"32213d3a-13a3-4522-adf0-6bfe6f1089de\" data-type=\"tadv\/classic-paragraph\" data-title=\"Classic Paragraph\">\n<div id=\"editor-32213d3a-13a3-4522-adf0-6bfe6f1089de\" class=\"wp-block-freeform block-library-rich-text__tinymce tma-classic-paragraph mce-content-body html5-captions mce-edit-focus\" style=\"position: relative;\" contenteditable=\"true\"><center><span style=\"color: #ff0000;\"><b>\u00a0MSZE \u015aW. W NIEDZIELE I \u015aWI\u0118TA<\/b><\/span><\/center><center><\/center><\/div>\n<\/div>\n<\/div>\n<p>&nbsp;<\/p>\n<p><span style=\"color: #ff0000;\">Pe\u0142czyce: <strong data-rich-text-format-boundary=\"true\">10.00, 11.30, 18.00<\/strong><\/span><\/p>\n<p id=\"block-b1b16601-c360-48e9-be35-7622cf883d42\" class=\"block-editor-rich-text__editable block-editor-block-list__block wp-block is-multi-selected is-partially-selected wp-block-paragraph rich-text\" style=\"white-space: pre-wrap; min-width: 1px;\" tabindex=\"0\" role=\"document\" contenteditable=\"true\" aria-multiline=\"true\" aria-label=\"Blok paragrafu\" data-block=\"b1b16601-c360-48e9-be35-7622cf883d42\" data-type=\"core\/paragraph\" data-title=\"Akapit\" data-empty=\"false\"><span style=\"color: #ff0000;\">Bolewice: <strong>13.15<\/strong><\/span><\/p>\n<p id=\"block-e3e47145-7ce9-45ea-9698-5f86f7ecda7a\" class=\"block-editor-rich-text__editable block-editor-block-list__block wp-block is-multi-selected is-partially-selected wp-block-paragraph rich-text\" style=\"white-space: pre-wrap; min-width: 1px;\" tabindex=\"0\" role=\"document\" contenteditable=\"true\" aria-multiline=\"true\" aria-label=\"Blok paragrafu\" data-block=\"e3e47145-7ce9-45ea-9698-5f86f7ecda7a\" data-type=\"core\/paragraph\" data-title=\"Akapit\" data-empty=\"false\"><span style=\"color: #ff0000;\" data-rich-text-format-boundary=\"true\">Chrapowo: <strong>12.30<\/strong><\/span><\/p>\n<p id=\"block-2c999a56-5e5e-4395-850b-af3a6e62e9fa\" class=\"block-editor-rich-text__editable block-editor-block-list__block wp-block is-multi-selected is-partially-selected wp-block-paragraph rich-text\" style=\"white-space: pre-wrap; min-width: 1px;\" tabindex=\"0\" role=\"document\" contenteditable=\"true\" aria-multiline=\"true\" aria-label=\"Blok paragrafu\" data-block=\"2c999a56-5e5e-4395-850b-af3a6e62e9fa\" data-type=\"core\/paragraph\" data-title=\"Akapit\" data-empty=\"false\"><span style=\"color: #ff0000;\">Jag\u00f3w: <strong>11.30<\/strong><\/span><\/p>\n<p id=\"block-0b81d745-e600-48da-9dea-c3ae0d35585d\" class=\"block-editor-rich-text__editable block-editor-block-list__block wp-block is-multi-selected is-partially-selected wp-block-paragraph rich-text\" style=\"white-space: pre-wrap; min-width: 1px;\" tabindex=\"0\" role=\"document\" contenteditable=\"true\" aria-multiline=\"true\" aria-label=\"Blok paragrafu\" data-block=\"0b81d745-e600-48da-9dea-c3ae0d35585d\" data-type=\"core\/paragraph\" data-title=\"Akapit\" data-empty=\"false\"><span style=\"color: #ff0000;\">Niesporowice: <strong>9.30<\/strong><\/span><\/p>\n<p><span style=\"color: #ff0000;\">Sarnik: <strong>8.30<\/strong><\/span><\/p>\n<p>&nbsp;<\/p>\n<div id=\"block-cdf12d9a-9bb0-4154-b732-dc4243c68d14\" class=\"block-editor-block-list__block wp-block is-multi-selected is-partially-selected\" tabindex=\"0\" role=\"document\" aria-label=\"Blok: Classic Paragraph\" data-block=\"cdf12d9a-9bb0-4154-b732-dc4243c68d14\" data-type=\"tadv\/classic-paragraph\" data-title=\"Classic Paragraph\">\n<div id=\"block-cdf12d9a-9bb0-4154-b732-dc4243c68d14\" class=\"block-editor-block-list__block wp-block is-multi-selected is-partially-selected\" tabindex=\"0\" role=\"document\" aria-label=\"Blok: Classic Paragraph\" data-block=\"cdf12d9a-9bb0-4154-b732-dc4243c68d14\" data-type=\"tadv\/classic-paragraph\" data-title=\"Classic Paragraph\">\n<div id=\"editor-cdf12d9a-9bb0-4154-b732-dc4243c68d14\" class=\"wp-block-freeform block-library-rich-text__tinymce tma-classic-paragraph mce-content-body html5-captions\" style=\"position: relative;\" contenteditable=\"true\"><center><\/center><center><strong>\u00a0MSZE \u015aW. W DNI POWSZEDNIE<\/strong><\/center><center><\/center><\/div>\n<\/div>\n<\/div>\n<p>&nbsp;<\/p>\n<p>Pe\u0142czyce: <strong data-rich-text-format-boundary=\"true\">18.00<\/strong><\/p>\n<p>&nbsp;<\/p>\n<p style=\"text-align: center;\"><span style=\"color: #008000;\"><strong>NABO\u017bE\u0143STWA STA\u0141E W KO\u015aCIELE PARAFIALNYM<\/strong><\/span><\/p>\n<ul>\n<li><span style=\"color: #008000;\"><strong>Ka\u017cda \u015broda<\/strong> &#8211; Nowenna do Matki Bo\u017cej Nieustaj\u0105cej Pomocy o godz. 18:00, po Mszy \u015bw. adoracja Naj\u015bwi\u0119tszego Sakramentu i okazja do spowiedzi od godz. 20:00, zako\u0144czenie Apelem Maryjnym o godz. 21:00.<\/span><\/li>\n<li><span style=\"color: #008000;\"><strong>Pierwszy czwartek miesi\u0105ca<\/strong> &#8211; adoracja Naj\u015bwi\u0119tszego Sakramentu od godz. 17:00 i modlitwa o powo\u0142ania<\/span><\/li>\n<li><span style=\"color: #008000;\"><strong>Pierwszy pi\u0105tek miesi\u0105ca<\/strong> &#8211; adoracja Naj\u015bwi\u0119tszego Sakramentu od godz. 10:00, nabo\u017ce\u0144stwo do Naj\u015bw. Serca Pana Jezusa i okazja do spowiedzi od godz. 17:00.<\/span><\/li>\n<li><span style=\"color: #008000;\"><strong>Pierwsza sobota miesi\u0105ca<\/strong> &#8211; m\u0119ski r\u00f3\u017caniec o godz. 7:00, Msza \u015bw. wynagradzaj\u0105ca Niepokalanemu Sercu NMP o godz. 7:30, po mszy p\u00f3\u0142godzinna adoracja Naj\u015bwi\u0119tszego Sakramentu.<\/span><\/li>\n<\/ul>\n<p style=\"text-align: center;\"><span style=\"color: #0000ff;\"><strong>NABO\u017bE\u0143STWA OKRESOWE W KO\u015aCIELE PARAFIALNYM<\/strong><\/span><\/p>\n<ul>\n<li><span style=\"color: #0000ff;\"><strong>PA\u0179DZIERNIK<\/strong> &#8211; R\u00f3\u017caniec codziennie o godz. 17:30 oraz dla dzieci we wtorki i czwartki o godz. 17:00<\/span><\/li>\n<li><span style=\"color: #0000ff;\"><strong>LISTOPAD<\/strong> &#8211; Wypominki codziennie o godz. 17:30, dodatkowo w ka\u017cd\u0105 niedziel\u0119 listopada o godz. 15:00 r\u00f3\u017caniec za zmar\u0142ych w kaplicy na cmentarzu<\/span><\/li>\n<li><span style=\"color: #0000ff;\"><b>WIELKI POST\u00a0<\/b>&#8211; Droga Krzy\u017cowa w pi\u0105tki o godz. 17:30 (dla dzieci i doros\u0142ych) oraz o godz. 20:00 (dla m\u0142odzie\u017cy), Gorzkie \u017bale w niedziele o godz. 17:30<\/span><\/li>\n<li><span style=\"color: #0000ff;\"><strong>MAJ<\/strong> &#8211; Nabo\u017ce\u0144stwo Majowe codziennie o godz. 17:30<\/span><\/li>\n<li><span style=\"color: #0000ff;\"><strong>CZERWIEC<\/strong> &#8211; Nabo\u017ce\u0144stwo Czerwcowe codziennie o godz. 17:30.<\/span><\/li>\n<\/ul>\n","protected":false},"excerpt":{"rendered":"<p>\u00a0MSZE \u015aW. W NIEDZIELE I \u015aWI\u0118TA &nbsp; Pe\u0142czyce: 10.00, 11.30, 18.00 Bolewice: 13.15 Chrapowo: 12.30 Jag\u00f3w: 11.30 Niesporowice: 9.30 Sarnik: 8.30 &nbsp; \u00a0MSZE \u015aW. W DNI POWSZEDNIE &nbsp; Pe\u0142czyce: 18.00 &nbsp; NABO\u017bE\u0143STWA STA\u0141E W KO\u015aCIELE PARAFIALNYM Ka\u017cda \u015broda &#8211; Nowenna&#8230;<\/p>\n","protected":false},"author":1,"featured_media":0,"parent":72,"menu_order":0,"comment_status":"closed","ping_status":"closed","template":"","meta":{"footnotes":""},"class_list":["post-94","page","type-page","status-publish","hentry"],"_links":{"self":[{"href":"https:\/\/www.parafiapelczyce.pl\/index.php\/wp-json\/wp\/v2\/pages\/94","targetHints":{"allow":["GET"]}}],"collection":[{"href":"https:\/\/www.parafiapelczyce.pl\/index.php\/wp-json\/wp\/v2\/pages"}],"about":[{"href":"https:\/\/www.parafiapelczyce.pl\/index.php\/wp-json\/wp\/v2\/types\/page"}],"author":[{"embeddable":true,"href":"https:\/\/www.parafiapelczyce.pl\/index.php\/wp-json\/wp\/v2\/users\/1"}],"replies":[{"embeddable":true,"href":"https:\/\/www.parafiapelczyce.pl\/index.php\/wp-json\/wp\/v2\/comments?post=94"}],"version-history":[{"count":7,"href":"https:\/\/www.parafiapelczyce.pl\/index.php\/wp-json\/wp\/v2\/pages\/94\/revisions"}],"predecessor-version":[{"id":129,"href":"https:\/\/www.parafiapelczyce.pl\/index.php\/wp-json\/wp\/v2\/pages\/94\/revisions\/129"}],"up":[{"embeddable":true,"href":"https:\/\/www.parafiapelczyce.pl\/index.php\/wp-json\/wp\/v2\/pages\/72"}],"wp:attachment":[{"href":"https:\/\/www.parafiapelczyce.pl\/index.php\/wp-json\/wp\/v2\/media?parent=94"}],"curies":[{"name":"wp","href":"https:\/\/api.w.org\/{rel}","templated":true}]}}